{"id":4698,"date":"2023-11-09T19:58:05","date_gmt":"2023-11-09T22:58:05","guid":{"rendered":"https:\/\/ifdc3-juj.infd.edu.ar\/sitio\/?page_id=4698"},"modified":"2024-08-20T12:11:54","modified_gmt":"2024-08-20T15:11:54","slug":"postitulo-actualizacion-academica-en-educacion-en-contextos-de-encierro","status":"publish","type":"page","link":"https:\/\/ifdc3-juj.infd.edu.ar\/sitio\/postitulo-actualizacion-academica-en-educacion-en-contextos-de-encierro\/","title":{"rendered":"Actualizaci\u00f3n Acad\u00e9mica en Educaci\u00f3n en Contextos de Encierro"},"content":{"rendered":"\n<h2 class=\"wp-block-heading\"><strong>Cohorte: <\/strong>2024<\/h2>\n\n\n\n<p>Oferta de post\u00edtulo implementada en el marco de la cooperaci\u00f3n acad\u00e9mica entre el IES N\u00b0 3  y el IES N\u00b0 5<\/p>\n\n\n\n<ul>\n<li>Resoluci\u00f3n N\u00b0 527-E-23 &gt;&gt;  <a rel=\"noreferrer noopener\" href=\"https:\/\/drive.google.com\/file\/d\/1uo0oyaZDfMGWNFI5ht08QrSKGTe-XXRT\/view?usp=drive_link\" data-type=\"URL\" data-id=\"https:\/\/drive.google.com\/file\/d\/1uo0oyaZDfMGWNFI5ht08QrSKGTe-XXRT\/view?usp=drive_link\" target=\"_blank\">Dise\u00f1o Curricular<\/a> <a rel=\"noreferrer noopener\" href=\"https:\/\/drive.google.com\/file\/d\/1uo0oyaZDfMGWNFI5ht08QrSKGTe-XXRT\/view?usp=drive_link\" data-type=\"URL\" data-id=\"https:\/\/drive.google.com\/file\/d\/1uo0oyaZDfMGWNFI5ht08QrSKGTe-XXRT\/view?usp=drive_link\" target=\"_blank\"><img decoding=\"async\" loading=\"lazy\" width=\"3384\" height=\"3108\" class=\"wp-image-3588\" style=\"width: 30px;\" src=\"https:\/\/ifdc3-juj.infd.edu.ar\/sitio\/wp-content\/uploads\/2023\/04\/descarga-completa.png\" alt=\"\" srcset=\"https:\/\/ifdc3-juj.infd.edu.ar\/sitio\/wp-content\/uploads\/2023\/04\/descarga-completa.png 3384w, https:\/\/ifdc3-juj.infd.edu.ar\/sitio\/wp-content\/uploads\/2023\/04\/descarga-completa-1000x918.png 1000w, https:\/\/ifdc3-juj.infd.edu.ar\/sitio\/wp-content\/uploads\/2023\/04\/descarga-completa-1900x1745.png 1900w, https:\/\/ifdc3-juj.infd.edu.ar\/sitio\/wp-content\/uploads\/2023\/04\/descarga-completa-768x705.png 768w, https:\/\/ifdc3-juj.infd.edu.ar\/sitio\/wp-content\/uploads\/2023\/04\/descarga-completa-1536x1411.png 1536w, https:\/\/ifdc3-juj.infd.edu.ar\/sitio\/wp-content\/uploads\/2023\/04\/descarga-completa-2048x1881.png 2048w\" sizes=\"(max-width: 3384px) 100vw, 3384px\" \/><\/a><\/li>\n<\/ul>\n\n\n\n<ul>\n<li><a rel=\"noreferrer noopener\" href=\"https:\/\/ifdc3-juj.infd.edu.ar\/sitio\/wp-content\/uploads\/2023\/11\/requisitos-postitulo.jpg\" data-type=\"URL\" data-id=\"https:\/\/ifdc3-juj.infd.edu.ar\/sitio\/wp-content\/uploads\/2023\/11\/requisitos-postitulo.jpg\" target=\"_blank\">Requisitos de admisi\u00f3n <\/a><\/li>\n<\/ul>\n\n\n\n<figure class=\"wp-block-image size-large\"><img decoding=\"async\" src=\"https:\/\/ifdc3-juj.infd.edu.ar\/sitio\/wp-content\/uploads\/2024\/08\/Contexto-encierro.png\" alt=\"\"\/><\/figure>\n\n\n\n<h2 class=\"wp-block-heading\">Preinscripci\u00f3n:<\/h2>\n\n\n\n<p>Se lleva a cabo este proceso de preinscripci\u00f3n y evaluaci\u00f3n de admisi\u00f3n, teniendo en cuenta la cantidad de interesados a realizar este trayecto formativo, a fin de adquirir herramientas y fortalecer la pr\u00e1ctica docente particularmente de quienes actualmente se desempe\u00f1an en la modalidad de contexto de encierro y tambi\u00e9n de parte de los docentes que aspiran a ingresar a la modalidad.<\/p>\n\n\n\n<p>Para cubrir el cupo establecido para esta cohorte, se destinar\u00e1  un  70 % de docentes en actividad y un 30 % de docentes sin experiencia en la modalidad. <\/p>\n\n\n\n<p>El comit\u00e9 evaluador estar\u00e1 integrado por referentes del IES N\u00b0 3, IES N\u00b0 5 y de la Modalidad de Contexto de Encierro. <\/p>\n\n\n\n<p>Una vez evaluado los postulantes preinscriptos, se notificar\u00e1 v\u00eda correo electr\u00f3nico <strong>a los docentes admitidos<\/strong> a completar la <strong>inscripci\u00f3n definitiva<\/strong> de manera personal (en Independencia 755 &#8211; 1\u00b0 P), con toda la <a rel=\"noreferrer noopener\" href=\"https:\/\/ifdc3-juj.infd.edu.ar\/sitio\/wp-content\/uploads\/2023\/11\/requisitos-postitulo.jpg\" data-type=\"URL\" data-id=\"https:\/\/ifdc3-juj.infd.edu.ar\/sitio\/wp-content\/uploads\/2023\/11\/requisitos-postitulo.jpg\" target=\"_blank\">documentaci\u00f3n requerida<\/a> y el abono de la inscripci\u00f3n $ 5000 y M\u00f3dulo I $ 5000<\/p>\n\n\n\n<p><strong>Antes de completar el formulario de preinscripci\u00f3n prepare el siguiente material:<\/strong><\/p>\n\n\n\n<ol>\n<li><strong>Foto\/s<\/strong>* de la<strong> toma de posici\u00f3n de su cargo en la modalidad de Contexto de Encierro<\/strong><\/li>\n\n\n\n<li><strong>Curriculum Vitae<\/strong> (abreviado)<\/li>\n\n\n\n<li><strong>Fotos* de DNI<\/strong> (ambos lados) y<\/li>\n\n\n\n<li><strong>Foto\/s* del t\u00edtulo docente<\/strong> comprendido en los <a rel=\"noreferrer noopener\" href=\"https:\/\/ifdc3-juj.infd.edu.ar\/sitio\/wp-content\/uploads\/2023\/11\/requisitos-postitulo.jpg\" data-type=\"URL\" data-id=\"https:\/\/ifdc3-juj.infd.edu.ar\/sitio\/wp-content\/uploads\/2023\/11\/requisitos-postitulo.jpg\" target=\"_blank\">destinatarios<\/a><\/li>\n<\/ol>\n\n\n\n<p>         * Se pide que las <strong>fotos<\/strong> tengan buena definici\u00f3n<\/p>\n\n\n\n<p><strong>Formularios:<\/strong><\/p>\n\n\n\n<ul>\n<li><a href=\"https:\/\/docs.google.com\/forms\/d\/e\/1FAIpQLSd9cLYPjSuuen-zPnoaPal3Sf0sHLsmrRS-DiEMpNEs1R2OkQ\/viewform?usp=sf_link\" data-type=\"URL\" data-id=\"https:\/\/docs.google.com\/forms\/d\/e\/1FAIpQLSd9cLYPjSuuen-zPnoaPal3Sf0sHLsmrRS-DiEMpNEs1R2OkQ\/viewform?usp=sf_link\" target=\"_blank\" rel=\"noreferrer noopener\">Docentes en actividad en la Modalidad Contexto de Encierro<\/a><\/li>\n<\/ul>\n\n\n\n<ul>\n<li><a href=\"https:\/\/docs.google.com\/forms\/d\/e\/1FAIpQLSfKIY6n3fz-7UXKawjeuv9yKmUdP6auPmOH-wheQ2RZjEATeQ\/viewform?usp=sf_link\" data-type=\"URL\" data-id=\"https:\/\/docs.google.com\/forms\/d\/e\/1FAIpQLSfKIY6n3fz-7UXKawjeuv9yKmUdP6auPmOH-wheQ2RZjEATeQ\/viewform?usp=sf_link\" target=\"_blank\" rel=\"noreferrer noopener\">Docentes sin experiencia en la Modalidad<\/a><\/li>\n<\/ul>\n","protected":false},"excerpt":{"rendered":"<p>Cohorte: 2024 Oferta de post\u00edtulo implementada en el marco de la cooperaci\u00f3n acad\u00e9mica entre el IES N\u00b0 3 y el IES N\u00b0 5 Preinscripci\u00f3n: Se lleva a cabo este proceso de preinscripci\u00f3n y evaluaci\u00f3n de admisi\u00f3n, teniendo en cuenta la cantidad de interesados a realizar este trayecto formativo, a fin de adquirir herramientas y fortalecer &#8230; <a title=\"Actualizaci\u00f3n Acad\u00e9mica en Educaci\u00f3n en Contextos de Encierro\" class=\"read-more\" href=\"https:\/\/ifdc3-juj.infd.edu.ar\/sitio\/postitulo-actualizacion-academica-en-educacion-en-contextos-de-encierro\/\" aria-label=\"More on Actualizaci\u00f3n Acad\u00e9mica en Educaci\u00f3n en Contextos de Encierro\">[+]<\/a><\/p>\n","protected":false},"author":8528,"featured_media":0,"parent":0,"menu_order":0,"comment_status":"closed","ping_status":"closed","template":"","meta":[],"acf":[],"_links":{"self":[{"href":"https:\/\/ifdc3-juj.infd.edu.ar\/sitio\/wp-json\/wp\/v2\/pages\/4698"}],"collection":[{"href":"https:\/\/ifdc3-juj.infd.edu.ar\/sitio\/wp-json\/wp\/v2\/pages"}],"about":[{"href":"https:\/\/ifdc3-juj.infd.edu.ar\/sitio\/wp-json\/wp\/v2\/types\/page"}],"author":[{"embeddable":true,"href":"https:\/\/ifdc3-juj.infd.edu.ar\/sitio\/wp-json\/wp\/v2\/users\/8528"}],"replies":[{"embeddable":true,"href":"https:\/\/ifdc3-juj.infd.edu.ar\/sitio\/wp-json\/wp\/v2\/comments?post=4698"}],"version-history":[{"count":13,"href":"https:\/\/ifdc3-juj.infd.edu.ar\/sitio\/wp-json\/wp\/v2\/pages\/4698\/revisions"}],"predecessor-version":[{"id":5160,"href":"https:\/\/ifdc3-juj.infd.edu.ar\/sitio\/wp-json\/wp\/v2\/pages\/4698\/revisions\/5160"}],"wp:attachment":[{"href":"https:\/\/ifdc3-juj.infd.edu.ar\/sitio\/wp-json\/wp\/v2\/media?parent=4698"}],"curies":[{"name":"wp","href":"https:\/\/api.w.org\/{rel}","templated":true}]}}