{"id":5949,"date":"2025-05-21T06:33:24","date_gmt":"2025-05-21T09:33:24","guid":{"rendered":"https:\/\/ifdc3-juj.infd.edu.ar\/sitio\/?page_id=5949"},"modified":"2025-06-07T08:20:54","modified_gmt":"2025-06-07T11:20:54","slug":"entrega-de-certificados-acciones-2024","status":"publish","type":"page","link":"https:\/\/ifdc3-juj.infd.edu.ar\/sitio\/entrega-de-certificados-acciones-2024\/","title":{"rendered":"Entrega de certificados &#8211; acciones 2024"},"content":{"rendered":"\n<p>Lista de certificados disponibles para retirar (esta se actualiza continuamente).<\/p>\n\n\n\n<figure class=\"wp-block-table is-style-stripes\"><table><tbody><tr><td><strong>Orden<\/strong><\/td><td><strong>Curso<\/strong><\/td><td><\/td><td><\/td><td><\/td><\/tr><tr><td>1<\/td><td><a href=\"https:\/\/ifdc3-juj.infd.edu.ar\/sitio\/wp-content\/uploads\/2025\/05\/WhatsApp-Image-2024-06-04-at-12.17.49.jpeg\" data-type=\"URL\" data-id=\"https:\/\/ifdc3-juj.infd.edu.ar\/sitio\/wp-content\/uploads\/2025\/05\/WhatsApp-Image-2024-06-04-at-12.17.49.jpeg\" target=\"_blank\" rel=\"noreferrer noopener\">I Jornadas de Investigaci\u00f3n  Interinstitucional &#8211; IES 1, 2 y 3<\/a><\/td><td><\/td><td><\/td><td><\/td><\/tr><tr><td>2<\/td><td><a href=\"https:\/\/ifdc3-juj.infd.edu.ar\/sitio\/wp-content\/uploads\/2024\/06\/Flyer-Dinamicas-grupales.png\" data-type=\"URL\" data-id=\"https:\/\/ifdc3-juj.infd.edu.ar\/sitio\/wp-content\/uploads\/2024\/06\/Flyer-Dinamicas-grupales.png\" target=\"_blank\" rel=\"noreferrer noopener\">Din\u00e1micas grupales para el aula<\/a><\/td><td><\/td><td><\/td><td><\/td><\/tr><tr><td>3<\/td><td><a href=\"https:\/\/ifdc3-juj.infd.edu.ar\/sitio\/wp-content\/uploads\/2025\/05\/lab-quimico.jpeg\" data-type=\"URL\" data-id=\"https:\/\/ifdc3-juj.infd.edu.ar\/sitio\/wp-content\/uploads\/2025\/05\/lab-quimico.jpeg\" target=\"_blank\" rel=\"noreferrer noopener\">Qu\u00edmica aplicada a laboratorios mineros<\/a><\/td><td><\/td><td><\/td><td><\/td><\/tr><tr><td>4<\/td><td><a href=\"https:\/\/ifdc3-juj.infd.edu.ar\/sitio\/wp-content\/uploads\/2024\/07\/El-arte-y-las-emociones.png\" data-type=\"URL\" data-id=\"https:\/\/ifdc3-juj.infd.edu.ar\/sitio\/wp-content\/uploads\/2024\/07\/El-arte-y-las-emociones.png\" target=\"_blank\" rel=\"noreferrer noopener\">El arte y las emociones<\/a><\/td><td><\/td><td><\/td><td><\/td><\/tr><tr><td>5<\/td><td><a href=\"https:\/\/ifdc3-juj.infd.edu.ar\/sitio\/wp-content\/uploads\/2025\/05\/Secuencias-Didacticas-con-TAC-Tecnologias-de-Aprendizaje-y-Conocimiento.png\" data-type=\"URL\" data-id=\"https:\/\/ifdc3-juj.infd.edu.ar\/sitio\/wp-content\/uploads\/2025\/05\/Secuencias-Didacticas-con-TAC-Tecnologias-de-Aprendizaje-y-Conocimiento.png\" target=\"_blank\" rel=\"noreferrer noopener\">Secuencia did\u00e1ctica con TAC<\/a><\/td><td><\/td><td><\/td><td><\/td><\/tr><tr><td>6<\/td><td><a href=\"https:\/\/ifdc3-juj.infd.edu.ar\/sitio\/wp-content\/uploads\/2025\/05\/Las-emociones-y-su-implicancia-en-el-aprendizaje.png\" data-type=\"URL\" data-id=\"https:\/\/ifdc3-juj.infd.edu.ar\/sitio\/wp-content\/uploads\/2025\/05\/Las-emociones-y-su-implicancia-en-el-aprendizaje.png\" target=\"_blank\" rel=\"noreferrer noopener\">Las emociones y su implicancia en el aprendizaje<\/a><\/td><td><\/td><td><\/td><td><\/td><\/tr><tr><td>7<\/td><td><a href=\"https:\/\/ifdc3-juj.infd.edu.ar\/sitio\/wp-content\/uploads\/2024\/11\/Flyer-Construyendo-el-pensamiento-metrico-en-el-Segundo-Ciclo.png\" data-type=\"URL\" data-id=\"https:\/\/ifdc3-juj.infd.edu.ar\/sitio\/wp-content\/uploads\/2024\/11\/Flyer-Construyendo-el-pensamiento-metrico-en-el-Segundo-Ciclo.png\" target=\"_blank\" rel=\"noreferrer noopener\">Construyendo el pensamiento m\u00e9trico en el 1\u00b0 Ciclo de la educaci\u00f3n primaria<\/a><\/td><td><\/td><td><\/td><td><\/td><\/tr><tr><td>8<\/td><td><a href=\"https:\/\/ifdc3-juj.infd.edu.ar\/sitio\/wp-content\/uploads\/2024\/06\/Flyer-la-tecnica-vocal.png\" data-type=\"URL\" data-id=\"https:\/\/ifdc3-juj.infd.edu.ar\/sitio\/wp-content\/uploads\/2024\/06\/Flyer-la-tecnica-vocal.png\" target=\"_blank\" rel=\"noreferrer noopener\">La t\u00e9cnica vocal en la voz hablada y cantada. Recurso para docentes<\/a><\/td><td><\/td><td><\/td><td><\/td><\/tr><tr><td>9<\/td><td><a href=\"https:\/\/ifdc3-juj.infd.edu.ar\/sitio\/wp-content\/uploads\/2024\/06\/Flyer-El-titere.png\" data-type=\"URL\" data-id=\"https:\/\/ifdc3-juj.infd.edu.ar\/sitio\/wp-content\/uploads\/2024\/06\/Flyer-El-titere.png\" target=\"_blank\" rel=\"noreferrer noopener\">El t\u00edtere y el armado de la composici\u00f3n anat\u00f3mica del ser humano<\/a><\/td><td><\/td><td><\/td><td><\/td><\/tr><tr><td>10<\/td><td><a href=\"https:\/\/ifdc3-juj.infd.edu.ar\/sitio\/wp-content\/uploads\/2025\/05\/El-oficio-de-investigar-II.png\" data-type=\"URL\" data-id=\"https:\/\/ifdc3-juj.infd.edu.ar\/sitio\/wp-content\/uploads\/2025\/05\/El-oficio-de-investigar-II.png\" target=\"_blank\" rel=\"noreferrer noopener\">II. T\u00e9cnicas de recolecci\u00f3n de datos y an\u00e1lisis desde una perspectiva cualitativa<\/a><\/td><td><\/td><td><\/td><td><\/td><\/tr><tr><td>11<\/td><td>Los coformadores como asistentes de las pr\u00e1cticas pedag\u00f3gicas<\/td><td><\/td><td><\/td><td><\/td><\/tr><tr><td>12<\/td><td><a rel=\"noreferrer noopener\" href=\"https:\/\/ifdc3-juj.infd.edu.ar\/sitio\/wp-content\/uploads\/2024\/10\/Flyer-2.png\" data-type=\"URL\" data-id=\"https:\/\/ifdc3-juj.infd.edu.ar\/sitio\/wp-content\/uploads\/2024\/10\/Flyer-2.png\" target=\"_blank\">\u00bfQu\u00e9 se ense\u00f1a en el Jard\u00edn Maternal?<\/a> con Laura Pitluk<\/td><td><\/td><td><\/td><td><\/td><\/tr><tr><td>13<\/td><td><a href=\"https:\/\/ifdc3-juj.infd.edu.ar\/sitio\/wp-content\/uploads\/2024\/09\/Aprendizaje.png\" data-type=\"URL\" data-id=\"https:\/\/ifdc3-juj.infd.edu.ar\/sitio\/wp-content\/uploads\/2024\/09\/Aprendizaje.png\" target=\"_blank\" rel=\"noreferrer noopener\">Aprendizaje, tecnolog\u00eda y emociones: Un mundo complejo<\/a><\/td><td><\/td><td><\/td><td><\/td><\/tr><tr><td>14<\/td><td><a href=\"https:\/\/ifdc3-juj.infd.edu.ar\/sitio\/wp-content\/uploads\/2025\/05\/flyer-Leer-y-escribir-para-aprender-ciencias-naturales.png\" data-type=\"URL\" data-id=\"https:\/\/ifdc3-juj.infd.edu.ar\/sitio\/wp-content\/uploads\/2025\/05\/flyer-Leer-y-escribir-para-aprender-ciencias-naturales.png\" target=\"_blank\" rel=\"noreferrer noopener\">Leer y escribir para aprender Ciencias Naturales<\/a><\/td><td><\/td><td><\/td><td><\/td><\/tr><tr><td>15<\/td><td>Propuestas educativas tecnol\u00f3gicas para realidades diversas<\/td><td><\/td><td><\/td><td><\/td><\/tr><tr><td>16<\/td><td>El c\u00e1lculo no mecanizado en el primer y segundo ciclo de la educaci\u00f3n primaria<\/td><td><\/td><td><\/td><td><\/td><\/tr><tr><td>17<\/td><td>Educaci\u00f3n Tecnol\u00f3gica:  Los medios t\u00e9cnicos, su ense\u00f1anza<\/td><td><\/td><td><\/td><td><\/td><\/tr><tr><td>18<\/td><td><a href=\"https:\/\/ifdc3-juj.infd.edu.ar\/sitio\/wp-content\/uploads\/2024\/10\/Flyer-la-memoria.png\" target=\"_blank\" rel=\"noreferrer noopener\">La memoria heredada: de la oralidad a la escritura<\/a><\/td><td><\/td><td><\/td><td><\/td><\/tr><tr><td>19<\/td><td><a href=\"https:\/\/ifdc3-juj.infd.edu.ar\/sitio\/wp-content\/uploads\/2024\/09\/La-pausa-activa.png\" data-type=\"URL\" data-id=\"https:\/\/ifdc3-juj.infd.edu.ar\/sitio\/wp-content\/uploads\/2024\/09\/La-pausa-activa.png\" target=\"_blank\" rel=\"noreferrer noopener\">La pausa activa como recurso pedag\u00f3gico<\/a><\/td><td><\/td><td><\/td><td><\/td><\/tr><tr><td>20<\/td><td>Alfabetizaci\u00f3n cient\u00edfica y la exploraci\u00f3n de las plantas en el nivel inicial<\/td><td><\/td><td><\/td><td><\/td><\/tr><tr><td>21<\/td><td><a href=\"https:\/\/ifdc3-juj.infd.edu.ar\/sitio\/wp-content\/uploads\/2024\/10\/La-evaluacion-como-instrumento-innovador-pedagogico.png\" data-type=\"URL\" data-id=\"https:\/\/ifdc3-juj.infd.edu.ar\/sitio\/wp-content\/uploads\/2024\/10\/La-evaluacion-como-instrumento-innovador-pedagogico.png\" target=\"_blank\" rel=\"noreferrer noopener\">La evaluaci\u00f3n como instrumento innovador<\/a><\/td><td><\/td><td><\/td><td><\/td><\/tr><tr><td>22<\/td><td><a href=\"https:\/\/ifdc3-juj.infd.edu.ar\/sitio\/wp-content\/uploads\/2024\/11\/FLYER-La-Educacion-Primaria-de-la-EPJA-desde.png\" data-type=\"URL\" data-id=\"https:\/\/ifdc3-juj.infd.edu.ar\/sitio\/wp-content\/uploads\/2024\/11\/FLYER-La-Educacion-Primaria-de-la-EPJA-desde.png\" target=\"_blank\" rel=\"noreferrer noopener\">La Educaci\u00f3n Primaria de la EPJA desde su abordaje interdisciplinar<\/a><\/td><td><\/td><td><\/td><td><\/td><\/tr><tr><td>23<\/td><td>Construyendo el pensamiento m\u00e9trico en el Segundo Ciclo de la Educaci\u00f3n Primaria<\/td><td><\/td><td><\/td><td><\/td><\/tr><tr><td>24<\/td><td><a href=\"https:\/\/ifdc3-juj.infd.edu.ar\/sitio\/wp-content\/uploads\/2024\/11\/2-flyer-matematica-3C.png\" data-type=\"URL\" data-id=\"https:\/\/ifdc3-juj.infd.edu.ar\/sitio\/wp-content\/uploads\/2024\/11\/2-flyer-matematica-3C.png\" target=\"_blank\" rel=\"noreferrer noopener\">Pr\u00e1ctica de ense\u00f1anza de la matem\u00e1tica: Apuntes para su revisi\u00f3n y mejora<\/a><\/td><td><\/td><td><\/td><td><\/td><\/tr><tr><td>25<\/td><td><\/td><td><\/td><td><\/td><td><\/td><\/tr><tr><td>26<\/td><td><\/td><td><\/td><td><\/td><td><\/td><\/tr><tr><td>27<\/td><td><\/td><td><\/td><td><\/td><td><\/td><\/tr><tr><td>28<\/td><td><\/td><td><\/td><td><\/td><td><\/td><\/tr><tr><td>29<\/td><td><\/td><td><\/td><td><\/td><td><\/td><\/tr><tr><td>30<\/td><td><\/td><td><\/td><td><\/td><td><\/td><\/tr><tr><td>31<\/td><td><\/td><td><\/td><td><\/td><td><\/td><\/tr><tr><td>32<\/td><td><\/td><td><\/td><td><\/td><td><\/td><\/tr><tr><td>33<\/td><td><\/td><td><\/td><td><\/td><td><\/td><\/tr><tr><td>34<\/td><td><\/td><td><\/td><td><\/td><td><\/td><\/tr><tr><td>35<\/td><td><\/td><td><\/td><td><\/td><td><\/td><\/tr><\/tbody><\/table><\/figure>\n","protected":false},"excerpt":{"rendered":"<p>Lista de certificados disponibles para retirar (esta se actualiza continuamente). Orden Curso 1 I Jornadas de Investigaci\u00f3n Interinstitucional &#8211; IES 1, 2 y 3 2 Din\u00e1micas grupales para el aula 3 Qu\u00edmica aplicada a laboratorios mineros 4 El arte y las emociones 5 Secuencia did\u00e1ctica con TAC 6 Las emociones y su implicancia en el &#8230; <a title=\"Entrega de certificados &#8211; acciones 2024\" class=\"read-more\" href=\"https:\/\/ifdc3-juj.infd.edu.ar\/sitio\/entrega-de-certificados-acciones-2024\/\" aria-label=\"More on Entrega de certificados &#8211; acciones 2024\">[+]<\/a><\/p>\n","protected":false},"author":8528,"featured_media":0,"parent":0,"menu_order":0,"comment_status":"closed","ping_status":"closed","template":"","meta":[],"acf":[],"_links":{"self":[{"href":"https:\/\/ifdc3-juj.infd.edu.ar\/sitio\/wp-json\/wp\/v2\/pages\/5949"}],"collection":[{"href":"https:\/\/ifdc3-juj.infd.edu.ar\/sitio\/wp-json\/wp\/v2\/pages"}],"about":[{"href":"https:\/\/ifdc3-juj.infd.edu.ar\/sitio\/wp-json\/wp\/v2\/types\/page"}],"author":[{"embeddable":true,"href":"https:\/\/ifdc3-juj.infd.edu.ar\/sitio\/wp-json\/wp\/v2\/users\/8528"}],"replies":[{"embeddable":true,"href":"https:\/\/ifdc3-juj.infd.edu.ar\/sitio\/wp-json\/wp\/v2\/comments?post=5949"}],"version-history":[{"count":20,"href":"https:\/\/ifdc3-juj.infd.edu.ar\/sitio\/wp-json\/wp\/v2\/pages\/5949\/revisions"}],"predecessor-version":[{"id":6049,"href":"https:\/\/ifdc3-juj.infd.edu.ar\/sitio\/wp-json\/wp\/v2\/pages\/5949\/revisions\/6049"}],"wp:attachment":[{"href":"https:\/\/ifdc3-juj.infd.edu.ar\/sitio\/wp-json\/wp\/v2\/media?parent=5949"}],"curies":[{"name":"wp","href":"https:\/\/api.w.org\/{rel}","templated":true}]}}