{"id":6252,"date":"2025-08-26T10:01:51","date_gmt":"2025-08-26T13:01:51","guid":{"rendered":"https:\/\/ifdc3-juj.infd.edu.ar\/sitio\/?page_id=6252"},"modified":"2025-08-26T13:01:49","modified_gmt":"2025-08-26T16:01:49","slug":"curso-teatro-y-educacion-estrategias-para-el-aula","status":"publish","type":"page","link":"https:\/\/ifdc3-juj.infd.edu.ar\/sitio\/curso-teatro-y-educacion-estrategias-para-el-aula\/","title":{"rendered":"Curso: Teatro y Educaci\u00f3n, estrategias para el aula"},"content":{"rendered":"\n<p><strong>** NOTA:<\/strong><\/p>\n\n\n\n<ul>\n<li>Se dar\u00e1&nbsp;<strong>PRIORIDAD<\/strong>&nbsp;a docentes que en este per\u00edodo a\u00fan no hayan realizado ning\u00fan curso en este Instituto<\/li>\n\n\n\n<li>En este curso se aceptan \u00fanicamente docente de grado o sala de&nbsp;<strong>NIVEL INICIAL y NIVEL PRIMARIO<\/strong>,&nbsp;<strong>no<\/strong>&nbsp;as\u00ed docentes de artes, idiomas, educaci\u00f3n f\u00edsica o educaci\u00f3n especial. Se agradece su comprensi\u00f3n.<\/li>\n\n\n\n<li>Antes de preinscribirse, revise su posibilidad de asistencia&nbsp;<strong>desde el inicio<\/strong><\/li>\n\n\n\n<li><strong>La asistencia a cada encuentros es completa<\/strong>, con una tolerancia de 10 min al inicio o final<\/li>\n\n\n\n<li>Valor del curso<strong>\u00a0$ 15.000<\/strong><\/li>\n<\/ul>\n\n\n\n<figure class=\"wp-block-image size-large\"><img decoding=\"async\" src=\"https:\/\/ifdc3-juj.infd.edu.ar\/sitio\/wp-content\/uploads\/2025\/08\/Flyer-Teatro-y-educacion-estrategias-para-el-aula.png\" alt=\"\"\/><\/figure>\n\n\n\n<p><strong>PREINSCRIPCI\u00d3N:<\/strong><\/p>\n\n\n\n<p>Los enlaces de preinscripci\u00f3n digital estar\u00e1n habilitados desde el martes 26 de agosto desde las 13:00 hs.<\/p>\n\n\n\n<ul>\n<li><a href=\"https:\/\/docs.google.com\/forms\/d\/e\/1FAIpQLSchayIz9aoo_e8AU7SN4BxrfMwTBoq1ozPrtOJSMVIqe_c8LA\/viewform?usp=dialog\" data-type=\"URL\" data-id=\"https:\/\/docs.google.com\/forms\/d\/e\/1FAIpQLSchayIz9aoo_e8AU7SN4BxrfMwTBoq1ozPrtOJSMVIqe_c8LA\/viewform?usp=dialog\" target=\"_blank\" rel=\"noreferrer noopener\">egresados del IES3<\/a><\/li>\n\n\n\n<li><a href=\"https:\/\/docs.google.com\/forms\/d\/e\/1FAIpQLSfkLk5v6NQ_ZDUMthFtzLpjyFa5SVy945tHn9eF3ZrvKR6ipw\/viewform?usp=dialog\" data-type=\"URL\" data-id=\"https:\/\/docs.google.com\/forms\/d\/e\/1FAIpQLSfkLk5v6NQ_ZDUMthFtzLpjyFa5SVy945tHn9eF3ZrvKR6ipw\/viewform?usp=dialog\" target=\"_blank\" rel=\"noreferrer noopener\">egresados de otros IES<\/a><\/li>\n<\/ul>\n\n\n\n<p>Los docentes admitidos&nbsp;<strong>ser\u00e1n notificado v\u00eda correo electr\u00f3nico para que asistan a abonar el curso&nbsp;<\/strong>en Secretar\u00eda Administrativa IES 3 \u2013 Independencia 755 \u2013 1\u00b0 Piso.<\/p>\n","protected":false},"excerpt":{"rendered":"<p>** NOTA: PREINSCRIPCI\u00d3N: Los enlaces de preinscripci\u00f3n digital estar\u00e1n habilitados desde el martes 26 de agosto desde las 13:00 hs. Los docentes admitidos&nbsp;ser\u00e1n notificado v\u00eda correo electr\u00f3nico para que asistan a abonar el curso&nbsp;en Secretar\u00eda Administrativa IES 3 \u2013 Independencia 755 \u2013 1\u00b0 Piso.<\/p>\n","protected":false},"author":8528,"featured_media":0,"parent":0,"menu_order":0,"comment_status":"closed","ping_status":"closed","template":"","meta":[],"acf":[],"_links":{"self":[{"href":"https:\/\/ifdc3-juj.infd.edu.ar\/sitio\/wp-json\/wp\/v2\/pages\/6252"}],"collection":[{"href":"https:\/\/ifdc3-juj.infd.edu.ar\/sitio\/wp-json\/wp\/v2\/pages"}],"about":[{"href":"https:\/\/ifdc3-juj.infd.edu.ar\/sitio\/wp-json\/wp\/v2\/types\/page"}],"author":[{"embeddable":true,"href":"https:\/\/ifdc3-juj.infd.edu.ar\/sitio\/wp-json\/wp\/v2\/users\/8528"}],"replies":[{"embeddable":true,"href":"https:\/\/ifdc3-juj.infd.edu.ar\/sitio\/wp-json\/wp\/v2\/comments?post=6252"}],"version-history":[{"count":3,"href":"https:\/\/ifdc3-juj.infd.edu.ar\/sitio\/wp-json\/wp\/v2\/pages\/6252\/revisions"}],"predecessor-version":[{"id":6264,"href":"https:\/\/ifdc3-juj.infd.edu.ar\/sitio\/wp-json\/wp\/v2\/pages\/6252\/revisions\/6264"}],"wp:attachment":[{"href":"https:\/\/ifdc3-juj.infd.edu.ar\/sitio\/wp-json\/wp\/v2\/media?parent=6252"}],"curies":[{"name":"wp","href":"https:\/\/api.w.org\/{rel}","templated":true}]}}